{"id":15,"date":"2026-02-17T16:14:41","date_gmt":"2026-02-17T15:14:41","guid":{"rendered":"https:\/\/dellapollagroup.com\/?page_id=15"},"modified":"2026-04-29T18:01:21","modified_gmt":"2026-04-29T16:01:21","slug":"home","status":"publish","type":"page","link":"https:\/\/dellapollagroup.com\/es\/","title":{"rendered":"Inicio"},"content":{"rendered":"<div data-elementor-type=\"wp-page\" data-elementor-id=\"15\" class=\"elementor elementor-15\" data-elementor-post-type=\"page\">\n\t\t\t\t<section data-particle_enable=\"false\" data-particle-mobile-disabled=\"false\" class=\"elementor-element elementor-element-0bb3a46 section-l e-flex e-con-boxed e-con e-parent\" data-id=\"0bb3a46\" data-element_type=\"container\" data-e-type=\"container\" data-settings=\"{&quot;background_background&quot;:&quot;classic&quot;}\">\n\t\t\t\t\t<div class=\"e-con-inner\">\n\t\t\t\t<div class=\"elementor-element elementor-element-bbc9b52 elementor-widget elementor-widget-heading\" data-id=\"bbc9b52\" data-element_type=\"widget\" data-e-type=\"widget\" data-widget_type=\"heading.default\">\n\t\t\t\t\t<h1 class=\"elementor-heading-title elementor-size-default\">DELLA POLLA:<br> <span style=\"color:#dace08;font-style:italic\">la empresa agr\u00edcola BIO en Sicilia<\/span><br> que une dos mundos<\/h1>\t\t\t\t<\/div>\n\t\t\t\t<div class=\"elementor-element elementor-element-fab3d78 elementor-widget elementor-widget-text-editor\" data-id=\"fab3d78\" data-element_type=\"widget\" data-e-type=\"widget\" data-widget_type=\"text-editor.default\">\n\t\t\t\t\t\t\t\t\t<p>De las tierras vibrantes de Venezuela a las colinas doradas de Sicilia y el Valle del Belice, Della Polla es la historia de una familia que, inmigrada en los lejanos a\u00f1os 50, cruz\u00f3 el oc\u00e9ano para reencontrar sus ra\u00edces y transformarlas en excelencia org\u00e1nica sin fronteras.<\/p>\t\t\t\t\t\t\t\t<\/div>\n\t\t\t\t<div class=\"elementor-element elementor-element-5a010f1 elementor-widget elementor-widget-eael-creative-button\" data-id=\"5a010f1\" data-element_type=\"widget\" data-e-type=\"widget\" data-widget_type=\"eael-creative-button.default\">\n\t\t\t\t\t        <div class=\"eael-creative-button-wrapper\">\n\n            <a class=\"eael-creative-button eael-creative-button--ujarak eael-cb-icon-position-\" href=\"https:\/\/dellapollagroup.com\/es\/prodotto\/olio-evo-siciliano-biologico-nocellara-del-belice\/\" data-text=\"\">\n            \t    \n                <div class=\"creative-button-inner\">\n\n                    \n                    <span class=\"cretive-button-text\">Compra ahora<\/span>\n\n                                    <\/div>\n\t                        <\/a>\n        <\/div>\n        \t\t\t\t<\/div>\n\t\t\t\t\t<\/div>\n\t\t\t\t<\/section>\n\t\t<div data-particle_enable=\"false\" data-particle-mobile-disabled=\"false\" class=\"elementor-element elementor-element-5785c19 e-flex e-con-boxed e-con e-parent\" data-id=\"5785c19\" data-element_type=\"container\" data-e-type=\"container\">\n\t\t\t\t\t<div class=\"e-con-inner\">\n\t\t\t\t<div class=\"elementor-element elementor-element-aa10223 elementor-widget elementor-widget-image\" data-id=\"aa10223\" data-element_type=\"widget\" data-e-type=\"widget\" data-widget_type=\"image.default\">\n\t\t\t\t\t\t\t\t\t\t\t\t\t\t\t<img fetchpriority=\"high\" decoding=\"async\" width=\"236\" height=\"236\" src=\"https:\/\/dellapollagroup.com\/wp-content\/uploads\/2026\/02\/cornice-dellapolla.svg\" class=\"attachment-large size-large wp-image-377\" alt=\"\" \/>\t\t\t\t\t\t\t\t\t\t\t\t\t\t\t<\/div>\n\t\t\t\t<div class=\"elementor-element elementor-element-2b79f99 elementor-widget elementor-widget-spacer\" data-id=\"2b79f99\" data-element_type=\"widget\" data-e-type=\"widget\" data-widget_type=\"spacer.default\">\n\t\t\t\t\t\t\t<div class=\"elementor-spacer\">\n\t\t\t<div class=\"elementor-spacer-inner\"><\/div>\n\t\t<\/div>\n\t\t\t\t\t\t<\/div>\n\t\t\t\t\t<\/div>\n\t\t\t\t<\/div>\n\t\t<section data-particle_enable=\"false\" data-particle-mobile-disabled=\"false\" class=\"elementor-element elementor-element-17218f5 e-con-full e-flex e-con e-parent\" data-id=\"17218f5\" data-element_type=\"container\" data-e-type=\"container\">\n\t\t\t\t<div class=\"elementor-element elementor-element-6ee934c elementor-widget elementor-widget-image\" data-id=\"6ee934c\" data-element_type=\"widget\" data-e-type=\"widget\" data-widget_type=\"image.default\">\n\t\t\t\t\t\t\t\t\t\t\t\t\t\t\t<img decoding=\"async\" width=\"800\" height=\"448\" src=\"https:\/\/dellapollagroup.com\/wp-content\/uploads\/2026\/02\/dellapolla_azienda_agricola_02.webp\" class=\"attachment-large size-large wp-image-540\" alt=\"Della Polla: Granja ecol\u00f3gica BIO de Sicilia con producci\u00f3n de aceite de oliva virgen extra y aceitunas de excelencia 100% Nocellara del Belice | Della Polla\" srcset=\"https:\/\/dellapollagroup.com\/wp-content\/uploads\/2026\/02\/dellapolla_azienda_agricola_02.webp 1000w, https:\/\/dellapollagroup.com\/wp-content\/uploads\/2026\/02\/dellapolla_azienda_agricola_02-600x336.webp 600w, https:\/\/dellapollagroup.com\/wp-content\/uploads\/2026\/02\/dellapolla_azienda_agricola_02-300x168.webp 300w, https:\/\/dellapollagroup.com\/wp-content\/uploads\/2026\/02\/dellapolla_azienda_agricola_02-768x430.webp 768w\" sizes=\"(max-width: 800px) 100vw, 800px\" \/>\t\t\t\t\t\t\t\t\t\t\t\t\t\t\t<\/div>\n\t\t<div data-particle_enable=\"false\" data-particle-mobile-disabled=\"false\" class=\"elementor-element elementor-element-1c3b2d5 e-flex e-con-boxed e-con e-child\" data-id=\"1c3b2d5\" data-element_type=\"container\" data-e-type=\"container\">\n\t\t\t\t\t<div class=\"e-con-inner\">\n\t\t\t\t<div class=\"elementor-element elementor-element-6517eb4 eael-divider-center elementor-widget elementor-widget-eael-divider\" data-id=\"6517eb4\" data-element_type=\"widget\" data-e-type=\"widget\" data-widget_type=\"eael-divider.default\">\n\t\t\t\t\t\t\t<div class=\"eael-divider-wrap divider-direction-horizontal\">\n\t\t\t\t\t\t\t<div class=\"divider-text-container\">\n\t\t\t\t\t<div class=\"divider-text-wrap\">\n\t\t\t\t\t\t\t\t\t\t\t\t\t<span class=\"divider-border-wrap divider-border-left\">\n\t\t\t\t\t\t\t\t<span class=\"divider-border\"><\/span>\n\t\t\t\t\t\t\t<\/span>\n\t\t\t\t\t\t\t\t\t\t\t\t<span class=\"eael-divider-content\">\n\t\t\t\t\t\t\t<span class=\"eael-divider-text\">Qui\u00e9nes somos<\/span>\t\t\t\t\t\t<\/span>\n\t\t\t\t\t\t\t\t\t\t\t<\/div>\n\t\t\t\t<\/div>\n\t\t\t\t\t<\/div>\n\t\t\t\t<\/div>\n\t\t\t\t<div class=\"elementor-element elementor-element-70dd891 elementor-widget elementor-widget-heading\" data-id=\"70dd891\" data-element_type=\"widget\" data-e-type=\"widget\" data-widget_type=\"heading.default\">\n\t\t\t\t\t<h2 class=\"elementor-heading-title elementor-size-default\">Familia, tierra y producto: el coraz\u00f3n de nuestra <span style=\"color:#968F1D;font-style: italic\">Finca Agr\u00edcola Org\u00e1nica en Sicilia<\/span><\/h2>\t\t\t\t<\/div>\n\t\t\t\t<div class=\"elementor-element elementor-element-1ddbe0b elementor-widget elementor-widget-text-editor\" data-id=\"1ddbe0b\" data-element_type=\"widget\" data-e-type=\"widget\" data-widget_type=\"text-editor.default\">\n\t\t\t\t\t\t\t\t\t<p>La empresa agr\u00edcola BIO en Sicilia Della Polla nace de una visi\u00f3n guiada\n    por la\u2019<strong>Excelencia<\/strong>, valor que define nuestra identidad e inspira cada una de nuestras decisiones.<\/p>\t\t\t\t\t\t\t\t<\/div>\n\t\t\t\t<div class=\"elementor-element elementor-element-0c9f028 elementor-widget elementor-widget-eael-feature-list\" data-id=\"0c9f028\" data-element_type=\"widget\" data-e-type=\"widget\" data-widget_type=\"eael-feature-list.default\">\n\t\t\t\t\t\t\t<div class=\"-icon-position-left -tablet-icon-position-left -mobile-icon-position-left\">\n\t\t\t<ul id=\"eael-feature-list-0c9f028\" class=\"eael-feature-list-items circle stacked  eael-feature-list-vertical\" data-layout-tablet=\"vertical\" data-layout-mobile=\"vertical\">\n\t\t\t                <li class=\"eael-feature-list-item elementor-repeater-item-b897c0d\">\n                    \n\t\t\t\t\t\t<div class=\"eael-feature-list-icon-box\">\n\t\t\t\t\t\t\t<div class=\"eael-feature-list-icon-inner\">\n\n\t\t\t\t\t\t\t\t<span class=\"eael-feature-list-icon fl-icon-0\">\n\n\t\t<svg xmlns=\"http:\/\/www.w3.org\/2000\/svg\" width=\"18\" height=\"19\" viewbox=\"0 0 18 19\"><path d=\"M18.001 0V2C18.001 11.627 12.628 16 6.001 16H4.099C4.311 12.988 5.249 11.165 7.697 8.999C8.901 7.934 8.799 7.319 8.206 7.672C4.122 10.102 2.093 13.386 2.003 18.63L2 19H0C0 17.637 0.116 16.4 0.346 15.268C0.116667 13.974 0.00166659 12.218 0.000999928 10C0.000999928 4.477 4.478 0 10.001 0C12.001 0 14.001 1 18.001 0Z\"><\/path><\/svg>\t\t\t\t\t\t\t\t<\/span>\n\t\t\t\t\t\t\t<\/div>\n\t\t\t\t\t\t<\/div>\n\t\t\t\t\t\t<div class=\"eael-feature-list-content-box\">\n                            <p class=\"eael-feature-list-title\">Tierra siciliana<\/p>\t\t\t\t\t\t<p class=\"eael-feature-list-content\">Generosa y antigua, que nos inspira con sus aromas y colores y con su historia milenaria<\/p>\n\t\t\t\t\t\t<\/div>\n\n\t\t\t\t\t<\/li>\n\t\t\t\t                <li class=\"eael-feature-list-item elementor-repeater-item-7a7aae2\">\n                    \n\t\t\t\t\t\t<div class=\"eael-feature-list-icon-box\">\n\t\t\t\t\t\t\t<div class=\"eael-feature-list-icon-inner\">\n\n\t\t\t\t\t\t\t\t<span class=\"eael-feature-list-icon fl-icon-1\">\n\n\t\t<svg xmlns=\"http:\/\/www.w3.org\/2000\/svg\" width=\"18\" height=\"19\" viewbox=\"0 0 18 19\"><path d=\"M18.001 0V2C18.001 11.627 12.628 16 6.001 16H4.099C4.311 12.988 5.249 11.165 7.697 8.999C8.901 7.934 8.799 7.319 8.206 7.672C4.122 10.102 2.093 13.386 2.003 18.63L2 19H0C0 17.637 0.116 16.4 0.346 15.268C0.116667 13.974 0.00166659 12.218 0.000999928 10C0.000999928 4.477 4.478 0 10.001 0C12.001 0 14.001 1 18.001 0Z\"><\/path><\/svg>\t\t\t\t\t\t\t\t<\/span>\n\t\t\t\t\t\t\t<\/div>\n\t\t\t\t\t\t<\/div>\n\t\t\t\t\t\t<div class=\"eael-feature-list-content-box\">\n                            <p class=\"eael-feature-list-title\">Producto<\/p>\t\t\t\t\t\t<p class=\"eael-feature-list-content\">Nacido del respeto por los ciclos naturales, de la elecci\u00f3n de lo org\u00e1nico y del cultivar Nocellara del Belice<\/p>\n\t\t\t\t\t\t<\/div>\n\n\t\t\t\t\t<\/li>\n\t\t\t\t\t\t\t<\/ul>\n\t\t<\/div>\n\t\t\t\t\t\t<\/div>\n\t\t\t\t<div class=\"elementor-element elementor-element-9415efb elementor-widget elementor-widget-eael-creative-button\" data-id=\"9415efb\" data-element_type=\"widget\" data-e-type=\"widget\" data-widget_type=\"eael-creative-button.default\">\n\t\t\t\t\t        <div class=\"eael-creative-button-wrapper\">\n\n            <a class=\"eael-creative-button eael-creative-button--ujarak eael-cb-icon-position-\" href=\"https:\/\/dellapollagroup.com\/es\/chi-siamo\/\" data-text=\"\">\n            \t    \n                <div class=\"creative-button-inner\">\n\n                    \n                    <span class=\"cretive-button-text\">Descubre m\u00e1s <\/span>\n\n                                    <\/div>\n\t                        <\/a>\n        <\/div>\n        \t\t\t\t<\/div>\n\t\t\t\t\t<\/div>\n\t\t\t\t<\/div>\n\t\t\t\t<\/section>\n\t\t<div data-particle_enable=\"false\" data-particle-mobile-disabled=\"false\" class=\"elementor-element elementor-element-a65301e e-flex e-con-boxed e-con e-parent\" data-id=\"a65301e\" data-element_type=\"container\" data-e-type=\"container\">\n\t\t\t\t\t<div class=\"e-con-inner\">\n\t\t\t\t<div class=\"elementor-element elementor-element-33d77fe elementor-widget elementor-widget-spacer\" data-id=\"33d77fe\" data-element_type=\"widget\" data-e-type=\"widget\" data-widget_type=\"spacer.default\">\n\t\t\t\t\t\t\t<div class=\"elementor-spacer\">\n\t\t\t<div class=\"elementor-spacer-inner\"><\/div>\n\t\t<\/div>\n\t\t\t\t\t\t<\/div>\n\t\t\t\t\t<\/div>\n\t\t\t\t<\/div>\n\t\t<section data-particle_enable=\"false\" data-particle-mobile-disabled=\"false\" class=\"elementor-element elementor-element-5c52efc e-con-full e-flex e-con e-parent\" data-id=\"5c52efc\" data-element_type=\"container\" data-e-type=\"container\" data-settings=\"{&quot;background_background&quot;:&quot;classic&quot;}\">\n\t\t<div data-particle_enable=\"false\" data-particle-mobile-disabled=\"false\" class=\"elementor-element elementor-element-6b03dab e-flex e-con-boxed e-con e-child\" data-id=\"6b03dab\" data-element_type=\"container\" data-e-type=\"container\">\n\t\t\t\t\t<div class=\"e-con-inner\">\n\t\t\t\t<div class=\"elementor-element elementor-element-e7709c3 eael-divider-center elementor-widget elementor-widget-eael-divider\" data-id=\"e7709c3\" data-element_type=\"widget\" data-e-type=\"widget\" data-widget_type=\"eael-divider.default\">\n\t\t\t\t\t\t\t<div class=\"eael-divider-wrap divider-direction-horizontal\">\n\t\t\t\t\t\t\t<div class=\"divider-text-container\">\n\t\t\t\t\t<div class=\"divider-text-wrap\">\n\t\t\t\t\t\t\t\t\t\t\t\t\t<span class=\"divider-border-wrap divider-border-left\">\n\t\t\t\t\t\t\t\t<span class=\"divider-border\"><\/span>\n\t\t\t\t\t\t\t<\/span>\n\t\t\t\t\t\t\t\t\t\t\t\t<span class=\"eael-divider-content\">\n\t\t\t\t\t\t\t<span class=\"eael-divider-text\">Cultivo org\u00e1nico<\/span>\t\t\t\t\t\t<\/span>\n\t\t\t\t\t\t\t\t\t\t\t<\/div>\n\t\t\t\t<\/div>\n\t\t\t\t\t<\/div>\n\t\t\t\t<\/div>\n\t\t\t\t<div class=\"elementor-element elementor-element-4d6aaa6 elementor-widget elementor-widget-heading\" data-id=\"4d6aaa6\" data-element_type=\"widget\" data-e-type=\"widget\" data-widget_type=\"heading.default\">\n\t\t\t\t\t<h2 class=\"elementor-heading-title elementor-size-default\">Cultivamos bienestar: la pureza de <span style=\"color:#968F1D;font-style: italic\">Nocellara del Belice<\/span><\/h2>\t\t\t\t<\/div>\n\t\t\t\t<div class=\"elementor-element elementor-element-c062310 elementor-widget elementor-widget-text-editor\" data-id=\"c062310\" data-element_type=\"widget\" data-e-type=\"widget\" data-widget_type=\"text-editor.default\">\n\t\t\t\t\t\t\t\t\t<p>En cada gota de nuestro aceite reside un compromiso concreto con la salud. <strong>Nuestra finca BIO en Sicilia solo adopta m\u00e9todos de cultivo org\u00e1nico certificado.<\/strong>.<\/p><p>Nuestra identidad se expresa en la elecci\u00f3n de la Nocellara del Belice, una variedad preciosa que cuidamos con dedicaci\u00f3n artesanal. No nos limitamos a producir alimentos: <strong>cultivamos bienestar<\/strong>. Para hacerlo, traemos a la mesa un producto puro e inalterado, un ritual de cuidado y armon\u00eda nacido del sol siciliano y de una tierra virgen.<\/p>\t\t\t\t\t\t\t\t<\/div>\n\t\t\t\t\t<\/div>\n\t\t\t\t<\/div>\n\t\t<div data-particle_enable=\"false\" data-particle-mobile-disabled=\"false\" class=\"elementor-element elementor-element-ddc7403 e-con-full e-flex e-con e-child\" data-id=\"ddc7403\" data-element_type=\"container\" data-e-type=\"container\" data-settings=\"{&quot;background_background&quot;:&quot;classic&quot;}\">\n\t\t\t\t<div class=\"elementor-element elementor-element-d07a374 elementor-widget elementor-widget-spacer\" data-id=\"d07a374\" data-element_type=\"widget\" data-e-type=\"widget\" data-widget_type=\"spacer.default\">\n\t\t\t\t\t\t\t<div class=\"elementor-spacer\">\n\t\t\t<div class=\"elementor-spacer-inner\"><\/div>\n\t\t<\/div>\n\t\t\t\t\t\t<\/div>\n\t\t\t\t<\/div>\n\t\t\t\t<\/section>\n\t\t<section data-particle_enable=\"false\" data-particle-mobile-disabled=\"false\" class=\"elementor-element elementor-element-cf5cb22 section-l e-flex e-con-boxed e-con e-parent\" data-id=\"cf5cb22\" data-element_type=\"container\" data-e-type=\"container\">\n\t\t\t\t\t<div class=\"e-con-inner\">\n\t\t\t\t<div class=\"elementor-element elementor-element-671f060 eael-divider-center elementor-widget elementor-widget-eael-divider\" data-id=\"671f060\" data-element_type=\"widget\" data-e-type=\"widget\" data-widget_type=\"eael-divider.default\">\n\t\t\t\t\t\t\t<div class=\"eael-divider-wrap divider-direction-horizontal\">\n\t\t\t\t\t\t\t<div class=\"divider-text-container\">\n\t\t\t\t\t<div class=\"divider-text-wrap\">\n\t\t\t\t\t\t\t\t\t\t\t\t\t<span class=\"divider-border-wrap divider-border-left\">\n\t\t\t\t\t\t\t\t<span class=\"divider-border\"><\/span>\n\t\t\t\t\t\t\t<\/span>\n\t\t\t\t\t\t\t\t\t\t\t\t<span class=\"eael-divider-content\">\n\t\t\t\t\t\t\t<span class=\"eael-divider-text\">Productos<\/span>\t\t\t\t\t\t<\/span>\n\t\t\t\t\t\t\t\t\t\t\t\t\t<span class=\"divider-border-wrap divider-border-right\">\n\t\t\t\t\t\t\t\t<span class=\"divider-border\"><\/span>\n\t\t\t\t\t\t\t<\/span>\n\t\t\t\t\t\t\t\t\t\t\t<\/div>\n\t\t\t\t<\/div>\n\t\t\t\t\t<\/div>\n\t\t\t\t<\/div>\n\t\t\t\t<div class=\"elementor-element elementor-element-e923cc3 elementor-widget elementor-widget-heading\" data-id=\"e923cc3\" data-element_type=\"widget\" data-e-type=\"widget\" data-widget_type=\"heading.default\">\n\t\t\t\t\t<h2 class=\"elementor-heading-title elementor-size-default\">Aceite de oliva org\u00e1nico siciliano y aceitunas Nocellara del Belice: <span style=\"color:#968F1D;font-style: italic\">La excelencia de la gallina<\/span><\/h2>\t\t\t\t<\/div>\n\t\t<div data-particle_enable=\"false\" data-particle-mobile-disabled=\"false\" class=\"elementor-element elementor-element-2c6b5b0 e-con-full e-flex e-con e-child\" data-id=\"2c6b5b0\" data-element_type=\"container\" data-e-type=\"container\">\n\t\t\t\t<div class=\"elementor-element elementor-element-115fcf7 elementor-widget__width-initial elementor-widget elementor-widget-image\" data-id=\"115fcf7\" data-element_type=\"widget\" data-e-type=\"widget\" data-widget_type=\"image.default\">\n\t\t\t\t\t\t\t\t\t\t\t\t\t\t\t<img decoding=\"async\" width=\"2048\" height=\"2048\" src=\"https:\/\/dellapollagroup.com\/wp-content\/uploads\/2026\/04\/Gemini_Generated_Image_6q2uel6q2uel6q2u.webp\" class=\"attachment-full size-full wp-image-850\" alt=\"\" srcset=\"https:\/\/dellapollagroup.com\/wp-content\/uploads\/2026\/04\/Gemini_Generated_Image_6q2uel6q2uel6q2u.webp 2048w, https:\/\/dellapollagroup.com\/wp-content\/uploads\/2026\/04\/Gemini_Generated_Image_6q2uel6q2uel6q2u-300x300.webp 300w, https:\/\/dellapollagroup.com\/wp-content\/uploads\/2026\/04\/Gemini_Generated_Image_6q2uel6q2uel6q2u-1024x1024.webp 1024w, https:\/\/dellapollagroup.com\/wp-content\/uploads\/2026\/04\/Gemini_Generated_Image_6q2uel6q2uel6q2u-150x150.webp 150w, https:\/\/dellapollagroup.com\/wp-content\/uploads\/2026\/04\/Gemini_Generated_Image_6q2uel6q2uel6q2u-768x768.webp 768w, https:\/\/dellapollagroup.com\/wp-content\/uploads\/2026\/04\/Gemini_Generated_Image_6q2uel6q2uel6q2u-1536x1536.webp 1536w, https:\/\/dellapollagroup.com\/wp-content\/uploads\/2026\/04\/Gemini_Generated_Image_6q2uel6q2uel6q2u-12x12.webp 12w, https:\/\/dellapollagroup.com\/wp-content\/uploads\/2026\/04\/Gemini_Generated_Image_6q2uel6q2uel6q2u-600x600.webp 600w, https:\/\/dellapollagroup.com\/wp-content\/uploads\/2026\/04\/Gemini_Generated_Image_6q2uel6q2uel6q2u-100x100.webp 100w\" sizes=\"(max-width: 2048px) 100vw, 2048px\" \/>\t\t\t\t\t\t\t\t\t\t\t\t\t\t\t<\/div>\n\t\t<div data-particle_enable=\"false\" data-particle-mobile-disabled=\"false\" class=\"elementor-element elementor-element-9ce5449 e-con-full e-flex e-con e-child\" data-id=\"9ce5449\" data-element_type=\"container\" data-e-type=\"container\">\n\t\t\t\t<div class=\"elementor-element elementor-element-7ba2806 elementor-widget__width-initial elementor-invisible elementor-widget elementor-widget-text-editor\" data-id=\"7ba2806\" data-element_type=\"widget\" data-e-type=\"widget\" data-settings=\"{&quot;_animation&quot;:&quot;fadeInUp&quot;}\" data-widget_type=\"text-editor.default\">\n\t\t\t\t\t\t\t\t\t<p>el coraz\u00f3n de nuestra producci\u00f3n es la\u2019<strong>aceite de oliva org\u00e1nico siciliano 100%% Nocellara del Belice<\/strong>, un extracto en fr\u00edo que encapsula los aromas de la garriga mediterr\u00e1nea.<\/p>\t\t\t\t\t\t\t\t<\/div>\n\t\t\t\t<div class=\"elementor-element elementor-element-7297b92 elementor-widget elementor-widget-eael-creative-button\" data-id=\"7297b92\" data-element_type=\"widget\" data-e-type=\"widget\" data-widget_type=\"eael-creative-button.default\">\n\t\t\t\t\t        <div class=\"eael-creative-button-wrapper\">\n\n            <a class=\"eael-creative-button eael-creative-button--ujarak eael-cb-icon-position-\" href=\"https:\/\/dellapollagroup.com\/es\/prodotto\/olio-evo-siciliano-biologico-nocellara-del-belice\/\" data-text=\"\">\n            \t    \n                <div class=\"creative-button-inner\">\n\n                    \n                    <span class=\"cretive-button-text\">Compra ahora<\/span>\n\n                                    <\/div>\n\t                        <\/a>\n        <\/div>\n        \t\t\t\t<\/div>\n\t\t\t\t<\/div>\n\t\t\t\t<\/div>\n\t\t<div data-particle_enable=\"false\" data-particle-mobile-disabled=\"false\" class=\"elementor-element elementor-element-ba986a7 e-con-full e-flex e-con e-child\" data-id=\"ba986a7\" data-element_type=\"container\" data-e-type=\"container\">\n\t\t<div data-particle_enable=\"false\" data-particle-mobile-disabled=\"false\" class=\"elementor-element elementor-element-bdef71e e-con-full e-flex e-con e-child\" data-id=\"bdef71e\" data-element_type=\"container\" data-e-type=\"container\">\n\t\t\t\t<div class=\"elementor-element elementor-element-ee61d43 elementor-widget__width-initial elementor-invisible elementor-widget elementor-widget-text-editor\" data-id=\"ee61d43\" data-element_type=\"widget\" data-e-type=\"widget\" data-settings=\"{&quot;_animation&quot;:&quot;fadeInUp&quot;}\" data-widget_type=\"text-editor.default\">\n\t\t\t\t\t\t\t\t\tNuestras <strong>Las aceitunas representan la esencia de la tradici\u00f3n<\/strong>:\nser\u00e1 un placer, sabor\u00e9alo y trabaja al ritmo de la naturaleza.\t\t\t\t\t\t\t\t<\/div>\n\t\t\t\t<div class=\"elementor-element elementor-element-e3671f6 elementor-widget elementor-widget-eael-creative-button\" data-id=\"e3671f6\" data-element_type=\"widget\" data-e-type=\"widget\" data-widget_type=\"eael-creative-button.default\">\n\t\t\t\t\t        <div class=\"eael-creative-button-wrapper\">\n\n            <a class=\"eael-creative-button eael-creative-button--ujarak eael-cb-icon-position-\" href=\"https:\/\/dellapollagroup.com\/es\/olive-nocellara-del-belice\/\" data-text=\"\">\n            \t    \n                <div class=\"creative-button-inner\">\n\n                    \n                    <span class=\"cretive-button-text\">Descubre m\u00e1s<\/span>\n\n                                    <\/div>\n\t                        <\/a>\n        <\/div>\n        \t\t\t\t<\/div>\n\t\t\t\t<\/div>\n\t\t\t\t<div class=\"elementor-element elementor-element-b70acb1 elementor-widget__width-initial elementor-widget elementor-widget-image\" data-id=\"b70acb1\" data-element_type=\"widget\" data-e-type=\"widget\" data-widget_type=\"image.default\">\n\t\t\t\t\t\t\t\t\t\t\t\t\t\t\t<img loading=\"lazy\" decoding=\"async\" width=\"1600\" height=\"2143\" src=\"https:\/\/dellapollagroup.com\/wp-content\/uploads\/2026\/04\/primo-piano-nocellara-del-belice.webp\" class=\"attachment-full size-full wp-image-851\" alt=\"\" srcset=\"https:\/\/dellapollagroup.com\/wp-content\/uploads\/2026\/04\/primo-piano-nocellara-del-belice.webp 1600w, https:\/\/dellapollagroup.com\/wp-content\/uploads\/2026\/04\/primo-piano-nocellara-del-belice-224x300.webp 224w, https:\/\/dellapollagroup.com\/wp-content\/uploads\/2026\/04\/primo-piano-nocellara-del-belice-765x1024.webp 765w, https:\/\/dellapollagroup.com\/wp-content\/uploads\/2026\/04\/primo-piano-nocellara-del-belice-768x1029.webp 768w, https:\/\/dellapollagroup.com\/wp-content\/uploads\/2026\/04\/primo-piano-nocellara-del-belice-1147x1536.webp 1147w, https:\/\/dellapollagroup.com\/wp-content\/uploads\/2026\/04\/primo-piano-nocellara-del-belice-1529x2048.webp 1529w, https:\/\/dellapollagroup.com\/wp-content\/uploads\/2026\/04\/primo-piano-nocellara-del-belice-9x12.webp 9w, https:\/\/dellapollagroup.com\/wp-content\/uploads\/2026\/04\/primo-piano-nocellara-del-belice-600x804.webp 600w\" sizes=\"(max-width: 1600px) 100vw, 1600px\" \/>\t\t\t\t\t\t\t\t\t\t\t\t\t\t\t<\/div>\n\t\t\t\t<\/div>\n\t\t\t\t<div class=\"elementor-element elementor-element-e000075 eael-divider-center elementor-widget elementor-widget-eael-divider\" data-id=\"e000075\" data-element_type=\"widget\" data-e-type=\"widget\" data-widget_type=\"eael-divider.default\">\n\t\t\t\t\t\t\t<div class=\"eael-divider-wrap divider-direction-horizontal\">\n\t\t\t\t\t\t\t<div class=\"divider-text-container\">\n\t\t\t\t\t<div class=\"divider-text-wrap\">\n\t\t\t\t\t\t\t\t\t\t\t\t<span class=\"eael-divider-content\">\n\t\t\t\t\t\t\t\t\t\t\t\t\t\t\t<span class=\"eael-divider-icon\">\n\t\t\t\t\t\t\t\t\t\t\t\t\t\t\t\t\t\t\t\t\t\t\t\t\t\t\t\t\t\t<img decoding=\"async\" class=\"eael-divider-svg-icon\" src=\"https:\/\/dellapollagroup.com\/wp-content\/uploads\/2026\/02\/divider-icon.svg\" alt=\"\"\/>\n\t\t\t\t\t\t\t\t\t\t\t\t\t\t\t\t\t\t\t\t\t\t\t\t\t\t\t<\/span>\n\t\t\t\t\t\t\t\t\t\t\t\t\t<\/span>\n\t\t\t\t\t\t\t\t\t\t\t<\/div>\n\t\t\t\t<\/div>\n\t\t\t\t\t<\/div>\n\t\t\t\t<\/div>\n\t\t\t\t<div class=\"elementor-element elementor-element-d19380c elementor-widget__width-initial elementor-invisible elementor-widget elementor-widget-text-editor\" data-id=\"d19380c\" data-element_type=\"widget\" data-e-type=\"widget\" data-settings=\"{&quot;_animation&quot;:&quot;fadeInUp&quot;,&quot;_animation_mobile&quot;:&quot;fadeIn&quot;}\" data-widget_type=\"text-editor.default\">\n\t\t\t\t\t\t\t\t\t<p>el coraz\u00f3n de nuestra producci\u00f3n es la\u2019<strong>aceite de oliva siciliano org\u00e1nico 100% Nocellara del Belice, un extracto en fr\u00edo que encierra los aromas de la garriga mediterr\u00e1nea.<\/strong><\/p>\t\t\t\t\t\t\t\t<\/div>\n\t\t\t\t<div class=\"elementor-element elementor-element-9f6418c eael-divider-center elementor-widget elementor-widget-eael-divider\" data-id=\"9f6418c\" data-element_type=\"widget\" data-e-type=\"widget\" data-widget_type=\"eael-divider.default\">\n\t\t\t\t\t\t\t<div class=\"eael-divider-wrap divider-direction-horizontal\">\n\t\t\t\t\t\t\t<div class=\"divider-text-container\">\n\t\t\t\t\t<div class=\"divider-text-wrap\">\n\t\t\t\t\t\t\t\t\t\t\t\t<span class=\"eael-divider-content\">\n\t\t\t\t\t\t\t\t\t\t\t\t\t\t\t<span class=\"eael-divider-icon\">\n\t\t\t\t\t\t\t\t\t\t\t\t\t\t\t\t\t\t\t\t\t\t\t\t\t\t\t\t\t\t<img decoding=\"async\" class=\"eael-divider-svg-icon\" src=\"https:\/\/dellapollagroup.com\/wp-content\/uploads\/2026\/02\/divider-icon.svg\" alt=\"\"\/>\n\t\t\t\t\t\t\t\t\t\t\t\t\t\t\t\t\t\t\t\t\t\t\t\t\t\t\t<\/span>\n\t\t\t\t\t\t\t\t\t\t\t\t\t<\/span>\n\t\t\t\t\t\t\t\t\t\t\t<\/div>\n\t\t\t\t<\/div>\n\t\t\t\t\t<\/div>\n\t\t\t\t<\/div>\n\t\t\t\t\t<\/div>\n\t\t\t\t<\/section>\n\t\t<section data-particle_enable=\"false\" data-particle-mobile-disabled=\"false\" class=\"elementor-element elementor-element-dd7b907 section-l e-flex e-con-boxed e-con e-parent\" data-id=\"dd7b907\" data-element_type=\"container\" data-e-type=\"container\" data-settings=\"{&quot;background_background&quot;:&quot;classic&quot;,&quot;shape_divider_top&quot;:&quot;mountains&quot;,&quot;shape_divider_bottom&quot;:&quot;mountains&quot;}\">\n\t\t\t\t\t<div class=\"e-con-inner\">\n\t\t\t\t<div class=\"elementor-shape elementor-shape-top\" aria-hidden=\"true\" data-negative=\"false\">\n\t\t\t<svg xmlns=\"http:\/\/www.w3.org\/2000\/svg\" viewbox=\"0 0 1000 100\" preserveaspectratio=\"none\">\n\t<path class=\"elementor-shape-fill\" opacity=\"0.33\" d=\"M473,67.3c-203.9,88.3-263.1-34-320.3,0C66,119.1,0,59.7,0,59.7V0h1000v59.7 c0,0-62.1,26.1-94.9,29.3c-32.8,3.3-62.8-12.3-75.8-22.1C806,49.6,745.3,8.7,694.9,4.7S492.4,59,473,67.3z\"\/>\n\t<path class=\"elementor-shape-fill\" opacity=\"0.66\" d=\"M734,67.3c-45.5,0-77.2-23.2-129.1-39.1c-28.6-8.7-150.3-10.1-254,39.1 s-91.7-34.4-149.2,0C115.7,118.3,0,39.8,0,39.8V0h1000v36.5c0,0-28.2-18.5-92.1-18.5C810.2,18.1,775.7,67.3,734,67.3z\"\/>\n\t<path class=\"elementor-shape-fill\" d=\"M766.1,28.9c-200-57.5-266,65.5-395.1,19.5C242,1.8,242,5.4,184.8,20.6C128,35.8,132.3,44.9,89.9,52.5C28.6,63.7,0,0,0,0 h1000c0,0-9.9,40.9-83.6,48.1S829.6,47,766.1,28.9z\"\/>\n<\/svg>\t\t<\/div>\n\t\t\t\t<div class=\"elementor-shape elementor-shape-bottom\" aria-hidden=\"true\" data-negative=\"false\">\n\t\t\t<svg xmlns=\"http:\/\/www.w3.org\/2000\/svg\" viewbox=\"0 0 1000 100\" preserveaspectratio=\"none\">\n\t<path class=\"elementor-shape-fill\" opacity=\"0.33\" d=\"M473,67.3c-203.9,88.3-263.1-34-320.3,0C66,119.1,0,59.7,0,59.7V0h1000v59.7 c0,0-62.1,26.1-94.9,29.3c-32.8,3.3-62.8-12.3-75.8-22.1C806,49.6,745.3,8.7,694.9,4.7S492.4,59,473,67.3z\"\/>\n\t<path class=\"elementor-shape-fill\" opacity=\"0.66\" d=\"M734,67.3c-45.5,0-77.2-23.2-129.1-39.1c-28.6-8.7-150.3-10.1-254,39.1 s-91.7-34.4-149.2,0C115.7,118.3,0,39.8,0,39.8V0h1000v36.5c0,0-28.2-18.5-92.1-18.5C810.2,18.1,775.7,67.3,734,67.3z\"\/>\n\t<path class=\"elementor-shape-fill\" d=\"M766.1,28.9c-200-57.5-266,65.5-395.1,19.5C242,1.8,242,5.4,184.8,20.6C128,35.8,132.3,44.9,89.9,52.5C28.6,63.7,0,0,0,0 h1000c0,0-9.9,40.9-83.6,48.1S829.6,47,766.1,28.9z\"\/>\n<\/svg>\t\t<\/div>\n\t\t<div data-particle_enable=\"false\" data-particle-mobile-disabled=\"false\" class=\"elementor-element elementor-element-e07833d e-con-full e-flex e-con e-child\" data-id=\"e07833d\" data-element_type=\"container\" data-e-type=\"container\">\n\t\t\t\t<div class=\"elementor-element elementor-element-e1feefa elementor-widget elementor-widget-heading\" data-id=\"e1feefa\" data-element_type=\"widget\" data-e-type=\"widget\" data-widget_type=\"heading.default\">\n\t\t\t\t\t<h2 class=\"elementor-heading-title elementor-size-default\">Un filo directo entre Sicilia y tu <span style=\"color:#dace08;font-style:italic\">bienestar diario<\/span><\/h2>\t\t\t\t<\/div>\n\t\t\t\t<div class=\"elementor-element elementor-element-346fa59 elementor-widget__width-initial elementor-invisible elementor-widget elementor-widget-text-editor\" data-id=\"346fa59\" data-element_type=\"widget\" data-e-type=\"widget\" data-settings=\"{&quot;_animation&quot;:&quot;fadeInUp&quot;}\" data-widget_type=\"text-editor.default\">\n\t\t\t\t\t\t\t\t\t<p>Ya sea que busques redescubrir sabores aut\u00e9nticos o la excelencia del \"Made in Italy\", nuestra granja org\u00e1nica en Sicilia est\u00e1 lista para hacerte descubrir el gusto genuino de su tierra.<\/p>\t\t\t\t\t\t\t\t<\/div>\n\t\t\t\t<\/div>\n\t\t\t\t\t<\/div>\n\t\t\t\t<\/section>\n\t\t<div data-particle_enable=\"false\" data-particle-mobile-disabled=\"false\" class=\"elementor-element elementor-element-d9af07e section-l e-flex e-con-boxed e-con e-parent\" data-id=\"d9af07e\" data-element_type=\"container\" data-e-type=\"container\">\n\t\t\t\t\t<div class=\"e-con-inner\">\n\t\t\t\t<div class=\"elementor-element elementor-element-31eabea elementor-widget elementor-widget-heading\" data-id=\"31eabea\" data-element_type=\"widget\" data-e-type=\"widget\" data-widget_type=\"heading.default\">\n\t\t\t\t\t<h2 class=\"elementor-heading-title elementor-size-default\">Cont\u00e1ctanos<\/h2>\t\t\t\t<\/div>\n\t\t\t\t<div class=\"elementor-element elementor-element-f25b068 elementor-widget elementor-widget-text-editor\" data-id=\"f25b068\" data-element_type=\"widget\" data-e-type=\"widget\" data-widget_type=\"text-editor.default\">\n\t\t\t\t\t\t\t\t\t<p>Cont\u00e1ctanos para conocer nuestros env\u00edos y producciones dedicadas a quienes aprecian la calidad certificada, el sabor aut\u00e9ntico y un ritual diario de bienestar hecho de aceite de oliva extra virgen org\u00e1nico 100% Nocellara del Belice.<\/p>\t\t\t\t\t\t\t\t<\/div>\n\t\t\t\t<div class=\"elementor-element elementor-element-401866f elementor-widget elementor-widget-eael-creative-button\" data-id=\"401866f\" data-element_type=\"widget\" data-e-type=\"widget\" data-widget_type=\"eael-creative-button.default\">\n\t\t\t\t\t        <div class=\"eael-creative-button-wrapper\">\n\n            <a class=\"eael-creative-button eael-creative-button--ujarak eael-cb-icon-position-\" href=\"https:\/\/dellapollagroup.com\/es\/contatti\/\" data-text=\"\">\n            \t    \n                <div class=\"creative-button-inner\">\n\n                    \n                    <span class=\"cretive-button-text\">Cont\u00e1ctanos ahora<\/span>\n\n                                    <\/div>\n\t                        <\/a>\n        <\/div>\n        \t\t\t\t<\/div>\n\t\t\t\t\t<\/div>\n\t\t\t\t<\/div>\n\t\t\t\t<\/div>","protected":false},"excerpt":{"rendered":"<p>DELLA POLLA: l&#8217;azienda agricola BIO in Sicilia che unisce due mondi Dalle terre vibranti del Venezuela alle colline dorate della Sicilia e della Valle del Belice, Della Polla \u00e8 il racconto di una famiglia, immigrata nei lontani anno \u201850, che ha attraversato l\u2019oceano per rincontrare le proprie radici e trasformarle in eccellenza biologica senza confini. [&hellip;]<\/p>\n","protected":false},"author":2,"featured_media":442,"parent":0,"menu_order":0,"comment_status":"closed","ping_status":"closed","template":"","meta":{"footnotes":""},"class_list":["post-15","page","type-page","status-publish","has-post-thumbnail","hentry"],"yoast_head":"<!-- This site is optimized with the Yoast SEO plugin v27.5 - https:\/\/yoast.com\/product\/yoast-seo-wordpress\/ -->\n<title>Azienda Agricola BIO Sicilia Della Polla | Olio Nocellara del Belice<\/title>\n<meta name=\"description\" content=\"Della Polla, azienda agricola BIO in Sicilia che unisce radici venezuelane e tradizione italiana per olio EVO e olive Nocellara del Belice.\" \/>\n<meta name=\"robots\" content=\"index, follow, max-snippet:-1, max-image-preview:large, max-video-preview:-1\" \/>\n<link rel=\"canonical\" href=\"https:\/\/dellapollagroup.com\/es\/\" \/>\n<meta property=\"og:locale\" content=\"es_ES\" \/>\n<meta property=\"og:type\" content=\"article\" \/>\n<meta property=\"og:title\" content=\"Azienda Agricola BIO Sicilia Della Polla | Olio Nocellara del Belice\" \/>\n<meta property=\"og:description\" content=\"Della Polla, azienda agricola BIO in Sicilia che unisce radici venezuelane e tradizione italiana per olio EVO e olive Nocellara del Belice.\" \/>\n<meta property=\"og:url\" content=\"https:\/\/dellapollagroup.com\/es\/\" \/>\n<meta property=\"og:site_name\" content=\"Della Polla\" \/>\n<meta property=\"article:modified_time\" content=\"2026-04-29T16:01:21+00:00\" \/>\n<meta property=\"og:image\" content=\"https:\/\/dellapollagroup.com\/wp-content\/uploads\/2026\/02\/logo-cornice-della-polla.png\" \/>\n\t<meta property=\"og:image:width\" content=\"1200\" \/>\n\t<meta property=\"og:image:height\" content=\"675\" \/>\n\t<meta property=\"og:image:type\" content=\"image\/png\" \/>\n<meta name=\"twitter:card\" content=\"summary_large_image\" \/>\n<meta name=\"twitter:label1\" content=\"Tiempo estimado de lectura\" \/>\n\t<meta name=\"twitter:data1\" content=\"3 minutos\" \/>\n<script type=\"application\/ld+json\" class=\"yoast-schema-graph\">{\"@context\":\"https:\\\/\\\/schema.org\",\"@graph\":[{\"@type\":\"WebPage\",\"@id\":\"https:\\\/\\\/dellapollagroup.com\\\/\",\"url\":\"https:\\\/\\\/dellapollagroup.com\\\/\",\"name\":\"Azienda Agricola BIO Sicilia Della Polla | Olio Nocellara del Belice\",\"isPartOf\":{\"@id\":\"https:\\\/\\\/dellapollagroup.com\\\/#website\"},\"primaryImageOfPage\":{\"@id\":\"https:\\\/\\\/dellapollagroup.com\\\/#primaryimage\"},\"image\":{\"@id\":\"https:\\\/\\\/dellapollagroup.com\\\/#primaryimage\"},\"thumbnailUrl\":\"https:\\\/\\\/dellapollagroup.com\\\/wp-content\\\/uploads\\\/2026\\\/02\\\/logo-cornice-della-polla.png\",\"datePublished\":\"2026-02-17T15:14:41+00:00\",\"dateModified\":\"2026-04-29T16:01:21+00:00\",\"description\":\"Della Polla, azienda agricola BIO in Sicilia che unisce radici venezuelane e tradizione italiana per olio EVO e olive Nocellara del Belice.\",\"breadcrumb\":{\"@id\":\"https:\\\/\\\/dellapollagroup.com\\\/#breadcrumb\"},\"inLanguage\":\"es\",\"potentialAction\":[{\"@type\":\"ReadAction\",\"target\":[\"https:\\\/\\\/dellapollagroup.com\\\/\"]}]},{\"@type\":\"ImageObject\",\"inLanguage\":\"es\",\"@id\":\"https:\\\/\\\/dellapollagroup.com\\\/#primaryimage\",\"url\":\"https:\\\/\\\/dellapollagroup.com\\\/wp-content\\\/uploads\\\/2026\\\/02\\\/logo-cornice-della-polla.png\",\"contentUrl\":\"https:\\\/\\\/dellapollagroup.com\\\/wp-content\\\/uploads\\\/2026\\\/02\\\/logo-cornice-della-polla.png\",\"width\":1200,\"height\":675},{\"@type\":\"BreadcrumbList\",\"@id\":\"https:\\\/\\\/dellapollagroup.com\\\/#breadcrumb\",\"itemListElement\":[{\"@type\":\"ListItem\",\"position\":1,\"name\":\"Home\",\"item\":\"https:\\\/\\\/dellapollagroup.com\\\/\"},{\"@type\":\"ListItem\",\"position\":2,\"name\":\"Home\"}]},{\"@type\":\"WebSite\",\"@id\":\"https:\\\/\\\/dellapollagroup.com\\\/#website\",\"url\":\"https:\\\/\\\/dellapollagroup.com\\\/\",\"name\":\"dellapollagroup.com\",\"description\":\"\",\"publisher\":{\"@id\":\"https:\\\/\\\/dellapollagroup.com\\\/#organization\"},\"potentialAction\":[{\"@type\":\"SearchAction\",\"target\":{\"@type\":\"EntryPoint\",\"urlTemplate\":\"https:\\\/\\\/dellapollagroup.com\\\/?s={search_term_string}\"},\"query-input\":{\"@type\":\"PropertyValueSpecification\",\"valueRequired\":true,\"valueName\":\"search_term_string\"}}],\"inLanguage\":\"es\"},{\"@type\":\"Organization\",\"@id\":\"https:\\\/\\\/dellapollagroup.com\\\/#organization\",\"name\":\"dellapollagroup.com\",\"url\":\"https:\\\/\\\/dellapollagroup.com\\\/\",\"logo\":{\"@type\":\"ImageObject\",\"inLanguage\":\"es\",\"@id\":\"https:\\\/\\\/dellapollagroup.com\\\/#\\\/schema\\\/logo\\\/image\\\/\",\"url\":\"https:\\\/\\\/dellapollagroup.com\\\/wp-content\\\/uploads\\\/2026\\\/02\\\/cornice-dellapolla.svg\",\"contentUrl\":\"https:\\\/\\\/dellapollagroup.com\\\/wp-content\\\/uploads\\\/2026\\\/02\\\/cornice-dellapolla.svg\",\"width\":236,\"height\":236,\"caption\":\"dellapollagroup.com\"},\"image\":{\"@id\":\"https:\\\/\\\/dellapollagroup.com\\\/#\\\/schema\\\/logo\\\/image\\\/\"}}]}<\/script>\n<!-- \/ Yoast SEO plugin. -->","yoast_head_json":{"title":"Azienda Agricola BIO Sicilia Della Polla | Aceite Nocellara del Belice","description":"Della Polla, una finca agr\u00edcola BIO en Sicilia que une ra\u00edces venezolanas y tradici\u00f3n italiana para aceite de oliva virgen extra (AOVE) y aceitunas Nocellara del Belice.","robots":{"index":"index","follow":"follow","max-snippet":"max-snippet:-1","max-image-preview":"max-image-preview:large","max-video-preview":"max-video-preview:-1"},"canonical":"https:\/\/dellapollagroup.com\/es\/","og_locale":"es_ES","og_type":"article","og_title":"Azienda Agricola BIO Sicilia Della Polla | Olio Nocellara del Belice","og_description":"Della Polla, azienda agricola BIO in Sicilia che unisce radici venezuelane e tradizione italiana per olio EVO e olive Nocellara del Belice.","og_url":"https:\/\/dellapollagroup.com\/es\/","og_site_name":"Della Polla","article_modified_time":"2026-04-29T16:01:21+00:00","og_image":[{"width":1200,"height":675,"url":"https:\/\/dellapollagroup.com\/wp-content\/uploads\/2026\/02\/logo-cornice-della-polla.png","type":"image\/png"}],"twitter_card":"summary_large_image","twitter_misc":{"Tiempo estimado de lectura":"3 minutos"},"schema":{"@context":"https:\/\/schema.org","@graph":[{"@type":"WebPage","@id":"https:\/\/dellapollagroup.com\/","url":"https:\/\/dellapollagroup.com\/","name":"Azienda Agricola BIO Sicilia Della Polla | Aceite Nocellara del Belice","isPartOf":{"@id":"https:\/\/dellapollagroup.com\/#website"},"primaryImageOfPage":{"@id":"https:\/\/dellapollagroup.com\/#primaryimage"},"image":{"@id":"https:\/\/dellapollagroup.com\/#primaryimage"},"thumbnailUrl":"https:\/\/dellapollagroup.com\/wp-content\/uploads\/2026\/02\/logo-cornice-della-polla.png","datePublished":"2026-02-17T15:14:41+00:00","dateModified":"2026-04-29T16:01:21+00:00","description":"Della Polla, una finca agr\u00edcola BIO en Sicilia que une ra\u00edces venezolanas y tradici\u00f3n italiana para aceite de oliva virgen extra (AOVE) y aceitunas Nocellara del Belice.","breadcrumb":{"@id":"https:\/\/dellapollagroup.com\/#breadcrumb"},"inLanguage":"es","potentialAction":[{"@type":"ReadAction","target":["https:\/\/dellapollagroup.com\/"]}]},{"@type":"ImageObject","inLanguage":"es","@id":"https:\/\/dellapollagroup.com\/#primaryimage","url":"https:\/\/dellapollagroup.com\/wp-content\/uploads\/2026\/02\/logo-cornice-della-polla.png","contentUrl":"https:\/\/dellapollagroup.com\/wp-content\/uploads\/2026\/02\/logo-cornice-della-polla.png","width":1200,"height":675},{"@type":"BreadcrumbList","@id":"https:\/\/dellapollagroup.com\/#breadcrumb","itemListElement":[{"@type":"ListItem","position":1,"name":"Home","item":"https:\/\/dellapollagroup.com\/"},{"@type":"ListItem","position":2,"name":"Home"}]},{"@type":"WebSite","@id":"https:\/\/dellapollagroup.com\/#website","url":"https:\/\/dellapollagroup.com\/","name":"dellapollagroup.com","description":"","publisher":{"@id":"https:\/\/dellapollagroup.com\/#organization"},"potentialAction":[{"@type":"SearchAction","target":{"@type":"EntryPoint","urlTemplate":"https:\/\/dellapollagroup.com\/?s={search_term_string}"},"query-input":{"@type":"PropertyValueSpecification","valueRequired":true,"valueName":"search_term_string"}}],"inLanguage":"es"},{"@type":"Organization","@id":"https:\/\/dellapollagroup.com\/#organization","name":"dellapollagroup.com","url":"https:\/\/dellapollagroup.com\/","logo":{"@type":"ImageObject","inLanguage":"es","@id":"https:\/\/dellapollagroup.com\/#\/schema\/logo\/image\/","url":"https:\/\/dellapollagroup.com\/wp-content\/uploads\/2026\/02\/cornice-dellapolla.svg","contentUrl":"https:\/\/dellapollagroup.com\/wp-content\/uploads\/2026\/02\/cornice-dellapolla.svg","width":236,"height":236,"caption":"dellapollagroup.com"},"image":{"@id":"https:\/\/dellapollagroup.com\/#\/schema\/logo\/image\/"}}]}},"_hostinger_reach_plugin_has_subscription_block":false,"_hostinger_reach_plugin_is_elementor":false,"_links":{"self":[{"href":"https:\/\/dellapollagroup.com\/es\/wp-json\/wp\/v2\/pages\/15","targetHints":{"allow":["GET"]}}],"collection":[{"href":"https:\/\/dellapollagroup.com\/es\/wp-json\/wp\/v2\/pages"}],"about":[{"href":"https:\/\/dellapollagroup.com\/es\/wp-json\/wp\/v2\/types\/page"}],"author":[{"embeddable":true,"href":"https:\/\/dellapollagroup.com\/es\/wp-json\/wp\/v2\/users\/2"}],"replies":[{"embeddable":true,"href":"https:\/\/dellapollagroup.com\/es\/wp-json\/wp\/v2\/comments?post=15"}],"version-history":[{"count":170,"href":"https:\/\/dellapollagroup.com\/es\/wp-json\/wp\/v2\/pages\/15\/revisions"}],"predecessor-version":[{"id":887,"href":"https:\/\/dellapollagroup.com\/es\/wp-json\/wp\/v2\/pages\/15\/revisions\/887"}],"wp:featuredmedia":[{"embeddable":true,"href":"https:\/\/dellapollagroup.com\/es\/wp-json\/wp\/v2\/media\/442"}],"wp:attachment":[{"href":"https:\/\/dellapollagroup.com\/es\/wp-json\/wp\/v2\/media?parent=15"}],"curies":[{"name":"wp","href":"https:\/\/api.w.org\/{rel}","templated":true}]}}