{"id":266,"date":"2026-02-19T00:20:07","date_gmt":"2026-02-18T23:20:07","guid":{"rendered":"https:\/\/dellapollagroup.com\/?page_id=266"},"modified":"2026-04-29T09:13:27","modified_gmt":"2026-04-29T07:13:27","slug":"nocellara-del-belice-olives","status":"publish","type":"page","link":"https:\/\/dellapollagroup.com\/en\/olive-nocellara-del-belice\/","title":{"rendered":"Nocellara del Belice Olives"},"content":{"rendered":"\t\t<div data-elementor-type=\"wp-page\" data-elementor-id=\"266\" class=\"elementor elementor-266\" data-elementor-post-type=\"page\">\n\t\t\t\t<section data-particle_enable=\"false\" data-particle-mobile-disabled=\"false\" class=\"elementor-element elementor-element-d08ab5d section-l e-flex e-con-boxed e-con e-parent\" data-id=\"d08ab5d\" data-element_type=\"container\" data-e-type=\"container\" data-settings=\"{&quot;background_background&quot;:&quot;classic&quot;}\">\n\t\t\t\t\t<div class=\"e-con-inner\">\n\t\t\t\t\t<\/div>\n\t\t\t\t<\/section>\n\t\t<section data-particle_enable=\"false\" data-particle-mobile-disabled=\"false\" class=\"elementor-element elementor-element-26225cb e-flex e-con-boxed e-con e-parent\" data-id=\"26225cb\" data-element_type=\"container\" data-e-type=\"container\">\n\t\t\t\t\t<div class=\"e-con-inner\">\n\t\t\t\t<div class=\"elementor-element elementor-element-dea5143 elementor-widget elementor-widget-image\" data-id=\"dea5143\" data-element_type=\"widget\" data-e-type=\"widget\" data-widget_type=\"image.default\">\n\t\t\t\t\t\t\t\t\t\t\t\t\t\t\t<img fetchpriority=\"high\" decoding=\"async\" width=\"236\" height=\"236\" src=\"https:\/\/dellapollagroup.com\/wp-content\/uploads\/2026\/02\/cornice-dellapolla.svg\" class=\"attachment-large size-large wp-image-377\" alt=\"\" \/>\t\t\t\t\t\t\t\t\t\t\t\t\t\t\t<\/div>\n\t\t\t\t<div class=\"elementor-element elementor-element-6ec545b elementor-invisible elementor-widget elementor-widget-heading\" data-id=\"6ec545b\" data-element_type=\"widget\" data-e-type=\"widget\" data-settings=\"{&quot;_animation&quot;:&quot;fadeIn&quot;}\" data-widget_type=\"heading.default\">\n\t\t\t\t\t<h1 class=\"elementor-heading-title elementor-size-default\">Olive <span style=\"color:#968F1D;font-style: italic\">Nocellara del Belice<\/span>:<br> dove il gusto incontra il benessere<\/h1>\t\t\t\t<\/div>\n\t\t\t\t<div class=\"elementor-element elementor-element-61aa30c elementor-widget__width-initial elementor-invisible elementor-widget elementor-widget-text-editor\" data-id=\"61aa30c\" data-element_type=\"widget\" data-e-type=\"widget\" data-settings=\"{&quot;_animation&quot;:&quot;fadeIn&quot;,&quot;_animation_delay&quot;:400}\" data-widget_type=\"text-editor.default\">\n\t\t\t\t\t\t\t\t\t<p>Le nostre olive Nocellara del Belice sono\u00a0<strong>eccellenze biologiche della terra siciliana, coltivate nel rispetto assoluto della natura<\/strong>.<\/p>\t\t\t\t\t\t\t\t<\/div>\n\t\t\t\t<div class=\"elementor-element elementor-element-3cf0a45 eael-divider-center elementor-widget elementor-widget-eael-divider\" data-id=\"3cf0a45\" data-element_type=\"widget\" data-e-type=\"widget\" data-widget_type=\"eael-divider.default\">\n\t\t\t\t\t\t\t<div class=\"eael-divider-wrap divider-direction-horizontal\">\n\t\t\t\t\t\t\t<div class=\"divider-text-container\">\n\t\t\t\t\t<div class=\"divider-text-wrap\">\n\t\t\t\t\t\t\t\t\t\t\t\t<span class=\"eael-divider-content\">\n\t\t\t\t\t\t\t\t\t\t\t\t\t\t\t<span class=\"eael-divider-icon\">\n\t\t\t\t\t\t\t\t\t\t\t\t\t\t\t\t\t\t\t\t\t\t\t\t\t\t\t\t\t\t<img decoding=\"async\" class=\"eael-divider-svg-icon\" src=\"https:\/\/dellapollagroup.com\/wp-content\/uploads\/2026\/02\/divider-icon.svg\" alt=\"\"\/>\n\t\t\t\t\t\t\t\t\t\t\t\t\t\t\t\t\t\t\t\t\t\t\t\t\t\t\t<\/span>\n\t\t\t\t\t\t\t\t\t\t\t\t\t<\/span>\n\t\t\t\t\t\t\t\t\t\t\t<\/div>\n\t\t\t\t<\/div>\n\t\t\t\t\t<\/div>\n\t\t\t\t<\/div>\n\t\t\t\t\t<\/div>\n\t\t\t\t<\/section>\n\t\t<section data-particle_enable=\"false\" data-particle-mobile-disabled=\"false\" class=\"elementor-element elementor-element-bf783bd e-flex e-con-boxed e-con e-parent\" data-id=\"bf783bd\" data-element_type=\"container\" data-e-type=\"container\">\n\t\t\t\t\t<div class=\"e-con-inner\">\n\t\t<div data-particle_enable=\"false\" data-particle-mobile-disabled=\"false\" class=\"elementor-element elementor-element-414e4bc e-con-full e-flex e-con e-child\" data-id=\"414e4bc\" data-element_type=\"container\" data-e-type=\"container\">\n\t\t\t\t<div class=\"elementor-element elementor-element-93dbc88 elementor-invisible elementor-widget elementor-widget-heading\" data-id=\"93dbc88\" data-element_type=\"widget\" data-e-type=\"widget\" data-settings=\"{&quot;_animation&quot;:&quot;fadeIn&quot;}\" data-widget_type=\"heading.default\">\n\t\t\t\t\t<h2 class=\"elementor-heading-title elementor-size-default\">Olive Nocellara del Belice: l'anima del nostro olio extravergine<\/h2>\t\t\t\t<\/div>\n\t\t\t\t<div class=\"elementor-element elementor-element-390f157 elementor-widget__width-initial elementor-invisible elementor-widget elementor-widget-text-editor\" data-id=\"390f157\" data-element_type=\"widget\" data-e-type=\"widget\" data-settings=\"{&quot;_animation&quot;:&quot;fadeInUp&quot;}\" data-widget_type=\"text-editor.default\">\n\t\t\t\t\t\t\t\t\t<p>La scelta di produrre il <strong>monocultivar olive Nocellara del Belice<\/strong> nasce dal desiderio di valorizzare una delle eccellenze pi\u00f9 rappresentative della Sicilia. Puntare su un\u2019unica cultivar significa esaltare l\u2019identit\u00e0 del territorio, rispettarne l\u2019espressione pi\u00f9 autentica e offrire un <strong>olio extravergine di oliva biologico dalla personalit\u00e0 definita<\/strong>.<\/p>\t\t\t\t\t\t\t\t<\/div>\n\t\t\t\t<\/div>\n\t\t<div data-particle_enable=\"false\" data-particle-mobile-disabled=\"false\" class=\"elementor-element elementor-element-5ee6352 e-con-full e-flex e-con e-child\" data-id=\"5ee6352\" data-element_type=\"container\" data-e-type=\"container\">\n\t\t\t\t<div class=\"elementor-element elementor-element-51cedfe elementor-widget elementor-widget-image\" data-id=\"51cedfe\" data-element_type=\"widget\" data-e-type=\"widget\" data-settings=\"{&quot;motion_fx_motion_fx_scrolling&quot;:&quot;yes&quot;,&quot;motion_fx_translateY_effect&quot;:&quot;yes&quot;,&quot;motion_fx_translateY_direction&quot;:&quot;negative&quot;,&quot;motion_fx_translateY_speed&quot;:{&quot;unit&quot;:&quot;px&quot;,&quot;size&quot;:2.5,&quot;sizes&quot;:[]},&quot;motion_fx_translateY_affectedRange&quot;:{&quot;unit&quot;:&quot;%&quot;,&quot;size&quot;:&quot;&quot;,&quot;sizes&quot;:{&quot;start&quot;:0,&quot;end&quot;:100}},&quot;motion_fx_devices&quot;:[&quot;desktop&quot;,&quot;tablet&quot;,&quot;mobile&quot;]}\" data-widget_type=\"image.default\">\n\t\t\t\t\t\t\t\t\t\t\t\t\t\t\t<img decoding=\"async\" width=\"2221\" height=\"2560\" src=\"https:\/\/dellapollagroup.com\/wp-content\/uploads\/2026\/02\/dellapolla_azienda_agricola_14-scaled.webp\" class=\"attachment-full size-full wp-image-588\" alt=\"\" srcset=\"https:\/\/dellapollagroup.com\/wp-content\/uploads\/2026\/02\/dellapolla_azienda_agricola_14-scaled.webp 2221w, https:\/\/dellapollagroup.com\/wp-content\/uploads\/2026\/02\/dellapolla_azienda_agricola_14-scaled-600x692.webp 600w, https:\/\/dellapollagroup.com\/wp-content\/uploads\/2026\/02\/dellapolla_azienda_agricola_14-260x300.webp 260w, https:\/\/dellapollagroup.com\/wp-content\/uploads\/2026\/02\/dellapolla_azienda_agricola_14-888x1024.webp 888w, https:\/\/dellapollagroup.com\/wp-content\/uploads\/2026\/02\/dellapolla_azienda_agricola_14-768x885.webp 768w, https:\/\/dellapollagroup.com\/wp-content\/uploads\/2026\/02\/dellapolla_azienda_agricola_14-1332x1536.webp 1332w, https:\/\/dellapollagroup.com\/wp-content\/uploads\/2026\/02\/dellapolla_azienda_agricola_14-1777x2048.webp 1777w\" sizes=\"(max-width: 2221px) 100vw, 2221px\" \/>\t\t\t\t\t\t\t\t\t\t\t\t\t\t\t<\/div>\n\t\t\t\t<\/div>\n\t\t<div data-particle_enable=\"false\" data-particle-mobile-disabled=\"false\" class=\"elementor-element elementor-element-201a58d e-con-full e-flex e-con e-child\" data-id=\"201a58d\" data-element_type=\"container\" data-e-type=\"container\">\n\t\t\t\t<div class=\"elementor-element elementor-element-bf44f7f elementor-widget__width-initial elementor-invisible elementor-widget elementor-widget-text-editor\" data-id=\"bf44f7f\" data-element_type=\"widget\" data-e-type=\"widget\" data-settings=\"{&quot;_animation&quot;:&quot;fadeInUp&quot;}\" data-widget_type=\"text-editor.default\">\n\t\t\t\t\t\t\t\t\t<p>Il nostro olio si distingue per il colore verde vibrante con riflessi dorati e per un profilo aromatico elegante. \u00c8 un olio extravergine pensato per chi ricerca autenticit\u00e0 siciliana, qualit\u00e0 certificata ed esperienza di gusto. Una sintesi perfetta tra radici profonde e visione internazionale, un prodotto biologico di carattere, raffinato e cosmopolita.<\/p>\t\t\t\t\t\t\t\t<\/div>\n\t\t\t\t<\/div>\n\t\t\t\t\t<\/div>\n\t\t\t\t<\/section>\n\t\t<section data-particle_enable=\"false\" data-particle-mobile-disabled=\"false\" class=\"elementor-element elementor-element-ee8ed2f section-l e-flex e-con-boxed e-con e-parent\" data-id=\"ee8ed2f\" data-element_type=\"container\" data-e-type=\"container\" data-settings=\"{&quot;background_background&quot;:&quot;classic&quot;,&quot;shape_divider_top&quot;:&quot;mountains&quot;,&quot;shape_divider_bottom&quot;:&quot;mountains&quot;}\">\n\t\t\t\t\t<div class=\"e-con-inner\">\n\t\t\t\t<div class=\"elementor-shape elementor-shape-top\" aria-hidden=\"true\" data-negative=\"false\">\n\t\t\t<svg xmlns=\"http:\/\/www.w3.org\/2000\/svg\" viewBox=\"0 0 1000 100\" preserveAspectRatio=\"none\">\n\t<path class=\"elementor-shape-fill\" opacity=\"0.33\" d=\"M473,67.3c-203.9,88.3-263.1-34-320.3,0C66,119.1,0,59.7,0,59.7V0h1000v59.7 c0,0-62.1,26.1-94.9,29.3c-32.8,3.3-62.8-12.3-75.8-22.1C806,49.6,745.3,8.7,694.9,4.7S492.4,59,473,67.3z\"\/>\n\t<path class=\"elementor-shape-fill\" opacity=\"0.66\" d=\"M734,67.3c-45.5,0-77.2-23.2-129.1-39.1c-28.6-8.7-150.3-10.1-254,39.1 s-91.7-34.4-149.2,0C115.7,118.3,0,39.8,0,39.8V0h1000v36.5c0,0-28.2-18.5-92.1-18.5C810.2,18.1,775.7,67.3,734,67.3z\"\/>\n\t<path class=\"elementor-shape-fill\" d=\"M766.1,28.9c-200-57.5-266,65.5-395.1,19.5C242,1.8,242,5.4,184.8,20.6C128,35.8,132.3,44.9,89.9,52.5C28.6,63.7,0,0,0,0 h1000c0,0-9.9,40.9-83.6,48.1S829.6,47,766.1,28.9z\"\/>\n<\/svg>\t\t<\/div>\n\t\t\t\t<div class=\"elementor-shape elementor-shape-bottom\" aria-hidden=\"true\" data-negative=\"false\">\n\t\t\t<svg xmlns=\"http:\/\/www.w3.org\/2000\/svg\" viewBox=\"0 0 1000 100\" preserveAspectRatio=\"none\">\n\t<path class=\"elementor-shape-fill\" opacity=\"0.33\" d=\"M473,67.3c-203.9,88.3-263.1-34-320.3,0C66,119.1,0,59.7,0,59.7V0h1000v59.7 c0,0-62.1,26.1-94.9,29.3c-32.8,3.3-62.8-12.3-75.8-22.1C806,49.6,745.3,8.7,694.9,4.7S492.4,59,473,67.3z\"\/>\n\t<path class=\"elementor-shape-fill\" opacity=\"0.66\" d=\"M734,67.3c-45.5,0-77.2-23.2-129.1-39.1c-28.6-8.7-150.3-10.1-254,39.1 s-91.7-34.4-149.2,0C115.7,118.3,0,39.8,0,39.8V0h1000v36.5c0,0-28.2-18.5-92.1-18.5C810.2,18.1,775.7,67.3,734,67.3z\"\/>\n\t<path class=\"elementor-shape-fill\" d=\"M766.1,28.9c-200-57.5-266,65.5-395.1,19.5C242,1.8,242,5.4,184.8,20.6C128,35.8,132.3,44.9,89.9,52.5C28.6,63.7,0,0,0,0 h1000c0,0-9.9,40.9-83.6,48.1S829.6,47,766.1,28.9z\"\/>\n<\/svg>\t\t<\/div>\n\t\t\t\t<div class=\"elementor-element elementor-element-16c4d02 elementor-widget elementor-widget-heading\" data-id=\"16c4d02\" data-element_type=\"widget\" data-e-type=\"widget\" data-widget_type=\"heading.default\">\n\t\t\t\t\t<h2 class=\"elementor-heading-title elementor-size-default\">Benessere naturale e alimentazione consapevole: <span style=\"color:#dace08;font-style:italic\">la nostra scelta di valore<\/span><\/h2>\t\t\t\t<\/div>\n\t\t\t\t<div class=\"elementor-element elementor-element-0c00066 elementor-widget__width-initial elementor-invisible elementor-widget elementor-widget-text-editor\" data-id=\"0c00066\" data-element_type=\"widget\" data-e-type=\"widget\" data-settings=\"{&quot;_animation&quot;:&quot;fadeInUp&quot;}\" data-widget_type=\"text-editor.default\">\n\t\t\t\t\t\t\t\t\t<p>Benessere naturale e alimentazione consapevole sono i principi che guidano la nostra visione agricola. Per Della Polla, l\u2019agricoltura biologica \u00e8 un impegno verso la salute di chi sceglie i propri prodotti.\u00a0 Ci impegniamo a proteggere le propriet\u00e0 delle olive Nocellara del Belice, per un\u00a0<strong>alimento che nutre il corpo e conquista il palato<\/strong>.<\/p>\t\t\t\t\t\t\t\t<\/div>\n\t\t\t\t\t<\/div>\n\t\t\t\t<\/section>\n\t\t<section data-particle_enable=\"false\" data-particle-mobile-disabled=\"false\" class=\"elementor-element elementor-element-b195d7a section-l e-flex e-con-boxed e-con e-parent\" data-id=\"b195d7a\" data-element_type=\"container\" data-e-type=\"container\" data-settings=\"{&quot;background_background&quot;:&quot;gradient&quot;,&quot;shape_divider_bottom&quot;:&quot;mountains&quot;}\">\n\t\t\t\t\t<div class=\"e-con-inner\">\n\t\t\t\t<div class=\"elementor-shape elementor-shape-bottom\" aria-hidden=\"true\" data-negative=\"false\">\n\t\t\t<svg xmlns=\"http:\/\/www.w3.org\/2000\/svg\" viewBox=\"0 0 1000 100\" preserveAspectRatio=\"none\">\n\t<path class=\"elementor-shape-fill\" opacity=\"0.33\" d=\"M473,67.3c-203.9,88.3-263.1-34-320.3,0C66,119.1,0,59.7,0,59.7V0h1000v59.7 c0,0-62.1,26.1-94.9,29.3c-32.8,3.3-62.8-12.3-75.8-22.1C806,49.6,745.3,8.7,694.9,4.7S492.4,59,473,67.3z\"\/>\n\t<path class=\"elementor-shape-fill\" opacity=\"0.66\" d=\"M734,67.3c-45.5,0-77.2-23.2-129.1-39.1c-28.6-8.7-150.3-10.1-254,39.1 s-91.7-34.4-149.2,0C115.7,118.3,0,39.8,0,39.8V0h1000v36.5c0,0-28.2-18.5-92.1-18.5C810.2,18.1,775.7,67.3,734,67.3z\"\/>\n\t<path class=\"elementor-shape-fill\" d=\"M766.1,28.9c-200-57.5-266,65.5-395.1,19.5C242,1.8,242,5.4,184.8,20.6C128,35.8,132.3,44.9,89.9,52.5C28.6,63.7,0,0,0,0 h1000c0,0-9.9,40.9-83.6,48.1S829.6,47,766.1,28.9z\"\/>\n<\/svg>\t\t<\/div>\n\t\t<div data-particle_enable=\"false\" data-particle-mobile-disabled=\"false\" class=\"elementor-element elementor-element-96f4b2f e-con-full e-flex e-con e-child\" data-id=\"96f4b2f\" data-element_type=\"container\" data-e-type=\"container\">\n\t\t<div data-particle_enable=\"false\" data-particle-mobile-disabled=\"false\" class=\"elementor-element elementor-element-ba6f402 e-con-full e-flex e-con e-child\" data-id=\"ba6f402\" data-element_type=\"container\" data-e-type=\"container\" data-settings=\"{&quot;background_background&quot;:&quot;classic&quot;}\">\n\t\t\t\t<div class=\"elementor-element elementor-element-254751c elementor-invisible elementor-widget elementor-widget-heading\" data-id=\"254751c\" data-element_type=\"widget\" data-e-type=\"widget\" data-settings=\"{&quot;_animation&quot;:&quot;fadeIn&quot;}\" data-widget_type=\"heading.default\">\n\t\t\t\t\t<h2 class=\"elementor-heading-title elementor-size-default\">Benessere coltivato: l\u2019olio come rituale di salute<\/h2>\t\t\t\t<\/div>\n\t\t\t\t<div class=\"elementor-element elementor-element-4ec70a9 elementor-widget__width-initial elementor-invisible elementor-widget elementor-widget-text-editor\" data-id=\"4ec70a9\" data-element_type=\"widget\" data-e-type=\"widget\" data-settings=\"{&quot;_animation&quot;:&quot;fadeInUp&quot;}\" data-widget_type=\"text-editor.default\">\n\t\t\t\t\t\t\t\t\t<strong>Crediamo che la qualit\u00e0 della vita inizi da ci\u00f2 che coltiviamo<\/strong>. In Della Polla, il benessere non \u00e8 una promessa astratta, ma un beneficio reale e percepito. Per questo, consideriamo il nostro olio come un vero e proprio elemento di cura e prevenzione. <strong>Portare i nostri prodotti sulla propria tavola significa scegliere un rituale quotidiano di salute<\/strong>.\t\t\t\t\t\t\t\t<\/div>\n\t\t\t\t<\/div>\n\t\t<div data-particle_enable=\"false\" data-particle-mobile-disabled=\"false\" class=\"elementor-element elementor-element-c1cd931 e-con-full e-flex e-con e-child\" data-id=\"c1cd931\" data-element_type=\"container\" data-e-type=\"container\" data-settings=\"{&quot;background_background&quot;:&quot;classic&quot;}\">\n\t\t\t\t<div class=\"elementor-element elementor-element-c423e34 elementor-invisible elementor-widget elementor-widget-heading\" data-id=\"c423e34\" data-element_type=\"widget\" data-e-type=\"widget\" data-settings=\"{&quot;_animation&quot;:&quot;fadeIn&quot;}\" data-widget_type=\"heading.default\">\n\t\t\t\t\t<h2 class=\"elementor-heading-title elementor-size-default\">Olive Nocellara del Belice: la salute come valore culturale<\/h2>\t\t\t\t<\/div>\n\t\t\t\t<div class=\"elementor-element elementor-element-e133884 elementor-widget__width-initial elementor-invisible elementor-widget elementor-widget-text-editor\" data-id=\"e133884\" data-element_type=\"widget\" data-e-type=\"widget\" data-settings=\"{&quot;_animation&quot;:&quot;fadeInUp&quot;}\" data-widget_type=\"text-editor.default\">\n\t\t\t\t\t\t\t\t\tCrediamo nell\u2019essenza autentica dell\u2019olio extravergine di oliva biologico Della Polla, espressione pura della nostra terra e della nostra visione agricola. La Sicilia \u00e8 un territorio di valore, dove il <strong>benessere prende forma ogni giorno attraverso cura, competenza e rispetto dei cicli naturali<\/strong>. Qui l\u2019agricoltura non \u00e8 solo produzione, ma responsabilit\u00e0 verso la qualit\u00e0 della vita.\t\t\t\t\t\t\t\t<\/div>\n\t\t\t\t<\/div>\n\t\t\t\t<\/div>\n\t\t\t\t<div class=\"elementor-element elementor-element-5ab0987 eael-divider-center elementor-widget elementor-widget-eael-divider\" data-id=\"5ab0987\" data-element_type=\"widget\" data-e-type=\"widget\" data-widget_type=\"eael-divider.default\">\n\t\t\t\t\t\t\t<div class=\"eael-divider-wrap divider-direction-horizontal\">\n\t\t\t\t\t\t\t<div class=\"divider-text-container\">\n\t\t\t\t\t<div class=\"divider-text-wrap\">\n\t\t\t\t\t\t\t\t\t\t\t\t<span class=\"eael-divider-content\">\n\t\t\t\t\t\t\t\t\t\t\t\t\t\t\t<span class=\"eael-divider-icon\">\n\t\t\t\t\t\t\t\t\t\t\t\t\t\t\t\t\t\t\t\t\t\t\t\t\t\t\t\t\t\t<img decoding=\"async\" class=\"eael-divider-svg-icon\" src=\"https:\/\/dellapollagroup.com\/wp-content\/uploads\/2026\/02\/divider-icon.svg\" alt=\"\"\/>\n\t\t\t\t\t\t\t\t\t\t\t\t\t\t\t\t\t\t\t\t\t\t\t\t\t\t\t<\/span>\n\t\t\t\t\t\t\t\t\t\t\t\t\t<\/span>\n\t\t\t\t\t\t\t\t\t\t\t<\/div>\n\t\t\t\t<\/div>\n\t\t\t\t\t<\/div>\n\t\t\t\t<\/div>\n\t\t\t\t<div class=\"elementor-element elementor-element-e129c46 elementor-widget__width-initial elementor-invisible elementor-widget elementor-widget-text-editor\" data-id=\"e129c46\" data-element_type=\"widget\" data-e-type=\"widget\" data-settings=\"{&quot;_animation&quot;:&quot;fadeInUp&quot;,&quot;_animation_mobile&quot;:&quot;fadeIn&quot;}\" data-widget_type=\"text-editor.default\">\n\t\t\t\t\t\t\t\t\t<p><strong>Portare l\u2019olio Della Polla nella propria cucina significa scegliere uno stile di vita consapevole<\/strong>, in cui l\u2019eccellenza siciliana incontra una visione aperta al mondo e diventa gesto concreto di equilibrio, gusto e armonia con l\u2019ambiente.<\/p>\t\t\t\t\t\t\t\t<\/div>\n\t\t\t\t\t<\/div>\n\t\t\t\t<\/section>\n\t\t<div data-particle_enable=\"false\" data-particle-mobile-disabled=\"false\" class=\"elementor-element elementor-element-6667c85 section-l e-flex e-con-boxed e-con e-parent\" data-id=\"6667c85\" data-element_type=\"container\" data-e-type=\"container\">\n\t\t\t\t\t<div class=\"e-con-inner\">\n\t\t\t\t<div class=\"elementor-element elementor-element-094c2d4 elementor-widget elementor-widget-heading\" data-id=\"094c2d4\" data-element_type=\"widget\" data-e-type=\"widget\" data-widget_type=\"heading.default\">\n\t\t\t\t\t<h2 class=\"elementor-heading-title elementor-size-default\"> Scopri l\u2019autenticit\u00e0 delle olive Nocellara del Belice biologiche<\/h2>\t\t\t\t<\/div>\n\t\t\t\t<div class=\"elementor-element elementor-element-beba9d4 elementor-widget elementor-widget-text-editor\" data-id=\"beba9d4\" data-element_type=\"widget\" data-e-type=\"widget\" data-widget_type=\"text-editor.default\">\n\t\t\t\t\t\t\t\t\t<p>Porta sulla tua tavola il gusto autentico della Sicilia.<\/p>\t\t\t\t\t\t\t\t<\/div>\n\t\t\t\t<div class=\"elementor-element elementor-element-41b934f elementor-widget elementor-widget-eael-creative-button\" data-id=\"41b934f\" data-element_type=\"widget\" data-e-type=\"widget\" data-widget_type=\"eael-creative-button.default\">\n\t\t\t\t\t        <div class=\"eael-creative-button-wrapper\">\n\n            <a class=\"eael-creative-button eael-creative-button--ujarak eael-cb-icon-position-\" href=\"https:\/\/dellapollagroup.com\/en\/prodotti\/\" data-text=\"\">\n            \t    \n                <div class=\"creative-button-inner\">\n\n                    \n                    <span class=\"cretive-button-text\">Scopri i nostri prodotti BIO<\/span>\n\n                                    <\/div>\n\t                        <\/a>\n        <\/div>\n        \t\t\t\t<\/div>\n\t\t\t\t\t<\/div>\n\t\t\t\t<\/div>\n\t\t\t\t<\/div>\n\t\t","protected":false},"excerpt":{"rendered":"<p>Olive Nocellara del Belice: dove il gusto incontra il benessere Le nostre olive Nocellara del Belice sono\u00a0eccellenze biologiche della terra siciliana, coltivate nel rispetto assoluto della natura. Olive Nocellara del Belice: l&#8217;anima del nostro olio extravergine La scelta di produrre il monocultivar olive Nocellara del Belice nasce dal desiderio di valorizzare una delle eccellenze pi\u00f9 [&hellip;]<\/p>\n","protected":false},"author":2,"featured_media":442,"parent":0,"menu_order":0,"comment_status":"closed","ping_status":"closed","template":"","meta":{"footnotes":""},"class_list":["post-266","page","type-page","status-publish","has-post-thumbnail","hentry"],"yoast_head":"<!-- This site is optimized with the Yoast SEO plugin v27.5 - https:\/\/yoast.com\/product\/yoast-seo-wordpress\/ -->\n<title>Olive Nocellara del Belice: coltiviamo benessere | Della Polla<\/title>\n<meta name=\"description\" content=\"Scopri le olive Nocellara del Belice Della Polla. Un connubio perfetto tra il gusto della Sicilia e una filosofia di benessere naturale.\" \/>\n<meta name=\"robots\" content=\"index, follow, max-snippet:-1, max-image-preview:large, max-video-preview:-1\" \/>\n<link rel=\"canonical\" href=\"https:\/\/dellapollagroup.com\/en\/nocellara-del-belice-olives\/\" \/>\n<meta property=\"og:locale\" content=\"en_GB\" \/>\n<meta property=\"og:type\" content=\"article\" \/>\n<meta property=\"og:title\" content=\"Olive Nocellara del Belice: coltiviamo benessere | Della Polla\" \/>\n<meta property=\"og:description\" content=\"Scopri le olive Nocellara del Belice Della Polla. Un connubio perfetto tra il gusto della Sicilia e una filosofia di benessere naturale.\" \/>\n<meta property=\"og:url\" content=\"https:\/\/dellapollagroup.com\/en\/nocellara-del-belice-olives\/\" \/>\n<meta property=\"og:site_name\" content=\"Della Polla\" \/>\n<meta property=\"article:modified_time\" content=\"2026-04-29T07:13:27+00:00\" \/>\n<meta property=\"og:image\" content=\"https:\/\/dellapollagroup.com\/wp-content\/uploads\/2026\/02\/logo-cornice-della-polla.png\" \/>\n\t<meta property=\"og:image:width\" content=\"1200\" \/>\n\t<meta property=\"og:image:height\" content=\"675\" \/>\n\t<meta property=\"og:image:type\" content=\"image\/png\" \/>\n<meta name=\"twitter:card\" content=\"summary_large_image\" \/>\n<meta name=\"twitter:label1\" content=\"Estimated reading time\" \/>\n\t<meta name=\"twitter:data1\" content=\"3 minutes\" \/>\n<script type=\"application\/ld+json\" class=\"yoast-schema-graph\">{\"@context\":\"https:\\\/\\\/schema.org\",\"@graph\":[{\"@type\":\"WebPage\",\"@id\":\"https:\\\/\\\/dellapollagroup.com\\\/olive-nocellara-del-belice\\\/\",\"url\":\"https:\\\/\\\/dellapollagroup.com\\\/olive-nocellara-del-belice\\\/\",\"name\":\"Olive Nocellara del Belice: coltiviamo benessere | Della Polla\",\"isPartOf\":{\"@id\":\"https:\\\/\\\/dellapollagroup.com\\\/#website\"},\"primaryImageOfPage\":{\"@id\":\"https:\\\/\\\/dellapollagroup.com\\\/olive-nocellara-del-belice\\\/#primaryimage\"},\"image\":{\"@id\":\"https:\\\/\\\/dellapollagroup.com\\\/olive-nocellara-del-belice\\\/#primaryimage\"},\"thumbnailUrl\":\"https:\\\/\\\/dellapollagroup.com\\\/wp-content\\\/uploads\\\/2026\\\/02\\\/logo-cornice-della-polla.png\",\"datePublished\":\"2026-02-18T23:20:07+00:00\",\"dateModified\":\"2026-04-29T07:13:27+00:00\",\"description\":\"Scopri le olive Nocellara del Belice Della Polla. Un connubio perfetto tra il gusto della Sicilia e una filosofia di benessere naturale.\",\"breadcrumb\":{\"@id\":\"https:\\\/\\\/dellapollagroup.com\\\/olive-nocellara-del-belice\\\/#breadcrumb\"},\"inLanguage\":\"en-GB\",\"potentialAction\":[{\"@type\":\"ReadAction\",\"target\":[\"https:\\\/\\\/dellapollagroup.com\\\/olive-nocellara-del-belice\\\/\"]}]},{\"@type\":\"ImageObject\",\"inLanguage\":\"en-GB\",\"@id\":\"https:\\\/\\\/dellapollagroup.com\\\/olive-nocellara-del-belice\\\/#primaryimage\",\"url\":\"https:\\\/\\\/dellapollagroup.com\\\/wp-content\\\/uploads\\\/2026\\\/02\\\/logo-cornice-della-polla.png\",\"contentUrl\":\"https:\\\/\\\/dellapollagroup.com\\\/wp-content\\\/uploads\\\/2026\\\/02\\\/logo-cornice-della-polla.png\",\"width\":1200,\"height\":675},{\"@type\":\"BreadcrumbList\",\"@id\":\"https:\\\/\\\/dellapollagroup.com\\\/olive-nocellara-del-belice\\\/#breadcrumb\",\"itemListElement\":[{\"@type\":\"ListItem\",\"position\":1,\"name\":\"Home\",\"item\":\"https:\\\/\\\/dellapollagroup.com\\\/\"},{\"@type\":\"ListItem\",\"position\":2,\"name\":\"Olive Nocellara del Belice\"}]},{\"@type\":\"WebSite\",\"@id\":\"https:\\\/\\\/dellapollagroup.com\\\/#website\",\"url\":\"https:\\\/\\\/dellapollagroup.com\\\/\",\"name\":\"dellapollagroup.com\",\"description\":\"\",\"publisher\":{\"@id\":\"https:\\\/\\\/dellapollagroup.com\\\/#organization\"},\"potentialAction\":[{\"@type\":\"SearchAction\",\"target\":{\"@type\":\"EntryPoint\",\"urlTemplate\":\"https:\\\/\\\/dellapollagroup.com\\\/?s={search_term_string}\"},\"query-input\":{\"@type\":\"PropertyValueSpecification\",\"valueRequired\":true,\"valueName\":\"search_term_string\"}}],\"inLanguage\":\"en-GB\"},{\"@type\":\"Organization\",\"@id\":\"https:\\\/\\\/dellapollagroup.com\\\/#organization\",\"name\":\"dellapollagroup.com\",\"url\":\"https:\\\/\\\/dellapollagroup.com\\\/\",\"logo\":{\"@type\":\"ImageObject\",\"inLanguage\":\"en-GB\",\"@id\":\"https:\\\/\\\/dellapollagroup.com\\\/#\\\/schema\\\/logo\\\/image\\\/\",\"url\":\"https:\\\/\\\/dellapollagroup.com\\\/wp-content\\\/uploads\\\/2026\\\/02\\\/cornice-dellapolla.svg\",\"contentUrl\":\"https:\\\/\\\/dellapollagroup.com\\\/wp-content\\\/uploads\\\/2026\\\/02\\\/cornice-dellapolla.svg\",\"width\":236,\"height\":236,\"caption\":\"dellapollagroup.com\"},\"image\":{\"@id\":\"https:\\\/\\\/dellapollagroup.com\\\/#\\\/schema\\\/logo\\\/image\\\/\"}}]}<\/script>\n<!-- \/ Yoast SEO plugin. -->","yoast_head_json":{"title":"Olive Nocellara del Belice: we cultivate well-being | Della Polla","description":"Discover the Nocellara del Belice Della Polla olives. A perfect marriage of Sicilian taste and a philosophy of natural well-being.","robots":{"index":"index","follow":"follow","max-snippet":"max-snippet:-1","max-image-preview":"max-image-preview:large","max-video-preview":"max-video-preview:-1"},"canonical":"https:\/\/dellapollagroup.com\/en\/nocellara-del-belice-olives\/","og_locale":"en_GB","og_type":"article","og_title":"Olive Nocellara del Belice: coltiviamo benessere | Della Polla","og_description":"Scopri le olive Nocellara del Belice Della Polla. Un connubio perfetto tra il gusto della Sicilia e una filosofia di benessere naturale.","og_url":"https:\/\/dellapollagroup.com\/en\/nocellara-del-belice-olives\/","og_site_name":"Della Polla","article_modified_time":"2026-04-29T07:13:27+00:00","og_image":[{"width":1200,"height":675,"url":"https:\/\/dellapollagroup.com\/wp-content\/uploads\/2026\/02\/logo-cornice-della-polla.png","type":"image\/png"}],"twitter_card":"summary_large_image","twitter_misc":{"Estimated reading time":"3 minutes"},"schema":{"@context":"https:\/\/schema.org","@graph":[{"@type":"WebPage","@id":"https:\/\/dellapollagroup.com\/olive-nocellara-del-belice\/","url":"https:\/\/dellapollagroup.com\/olive-nocellara-del-belice\/","name":"Olive Nocellara del Belice: we cultivate well-being | Della Polla","isPartOf":{"@id":"https:\/\/dellapollagroup.com\/#website"},"primaryImageOfPage":{"@id":"https:\/\/dellapollagroup.com\/olive-nocellara-del-belice\/#primaryimage"},"image":{"@id":"https:\/\/dellapollagroup.com\/olive-nocellara-del-belice\/#primaryimage"},"thumbnailUrl":"https:\/\/dellapollagroup.com\/wp-content\/uploads\/2026\/02\/logo-cornice-della-polla.png","datePublished":"2026-02-18T23:20:07+00:00","dateModified":"2026-04-29T07:13:27+00:00","description":"Discover the Nocellara del Belice Della Polla olives. A perfect marriage of Sicilian taste and a philosophy of natural well-being.","breadcrumb":{"@id":"https:\/\/dellapollagroup.com\/olive-nocellara-del-belice\/#breadcrumb"},"inLanguage":"en-GB","potentialAction":[{"@type":"ReadAction","target":["https:\/\/dellapollagroup.com\/olive-nocellara-del-belice\/"]}]},{"@type":"ImageObject","inLanguage":"en-GB","@id":"https:\/\/dellapollagroup.com\/olive-nocellara-del-belice\/#primaryimage","url":"https:\/\/dellapollagroup.com\/wp-content\/uploads\/2026\/02\/logo-cornice-della-polla.png","contentUrl":"https:\/\/dellapollagroup.com\/wp-content\/uploads\/2026\/02\/logo-cornice-della-polla.png","width":1200,"height":675},{"@type":"BreadcrumbList","@id":"https:\/\/dellapollagroup.com\/olive-nocellara-del-belice\/#breadcrumb","itemListElement":[{"@type":"ListItem","position":1,"name":"Home","item":"https:\/\/dellapollagroup.com\/"},{"@type":"ListItem","position":2,"name":"Olive Nocellara del Belice"}]},{"@type":"WebSite","@id":"https:\/\/dellapollagroup.com\/#website","url":"https:\/\/dellapollagroup.com\/","name":"dellapollagroup.co.uk","description":"","publisher":{"@id":"https:\/\/dellapollagroup.com\/#organization"},"potentialAction":[{"@type":"SearchAction","target":{"@type":"EntryPoint","urlTemplate":"https:\/\/dellapollagroup.com\/?s={search_term_string}"},"query-input":{"@type":"PropertyValueSpecification","valueRequired":true,"valueName":"search_term_string"}}],"inLanguage":"en-GB"},{"@type":"Organization","@id":"https:\/\/dellapollagroup.com\/#organization","name":"dellapollagroup.co.uk","url":"https:\/\/dellapollagroup.com\/","logo":{"@type":"ImageObject","inLanguage":"en-GB","@id":"https:\/\/dellapollagroup.com\/#\/schema\/logo\/image\/","url":"https:\/\/dellapollagroup.com\/wp-content\/uploads\/2026\/02\/cornice-dellapolla.svg","contentUrl":"https:\/\/dellapollagroup.com\/wp-content\/uploads\/2026\/02\/cornice-dellapolla.svg","width":236,"height":236,"caption":"dellapollagroup.com"},"image":{"@id":"https:\/\/dellapollagroup.com\/#\/schema\/logo\/image\/"}}]}},"_hostinger_reach_plugin_has_subscription_block":false,"_hostinger_reach_plugin_is_elementor":false,"_links":{"self":[{"href":"https:\/\/dellapollagroup.com\/en\/wp-json\/wp\/v2\/pages\/266","targetHints":{"allow":["GET"]}}],"collection":[{"href":"https:\/\/dellapollagroup.com\/en\/wp-json\/wp\/v2\/pages"}],"about":[{"href":"https:\/\/dellapollagroup.com\/en\/wp-json\/wp\/v2\/types\/page"}],"author":[{"embeddable":true,"href":"https:\/\/dellapollagroup.com\/en\/wp-json\/wp\/v2\/users\/2"}],"replies":[{"embeddable":true,"href":"https:\/\/dellapollagroup.com\/en\/wp-json\/wp\/v2\/comments?post=266"}],"version-history":[{"count":56,"href":"https:\/\/dellapollagroup.com\/en\/wp-json\/wp\/v2\/pages\/266\/revisions"}],"predecessor-version":[{"id":784,"href":"https:\/\/dellapollagroup.com\/en\/wp-json\/wp\/v2\/pages\/266\/revisions\/784"}],"wp:featuredmedia":[{"embeddable":true,"href":"https:\/\/dellapollagroup.com\/en\/wp-json\/wp\/v2\/media\/442"}],"wp:attachment":[{"href":"https:\/\/dellapollagroup.com\/en\/wp-json\/wp\/v2\/media?parent=266"}],"curies":[{"name":"wp","href":"https:\/\/api.w.org\/{rel}","templated":true}]}}